{"id":25339,"date":"2018-02-01T18:21:04","date_gmt":"2018-02-01T17:21:04","guid":{"rendered":"http:\/\/www.caths.cz\/wordpress\/?page_id=25339"},"modified":"2022-03-05T22:19:17","modified_gmt":"2022-03-05T21:19:17","slug":"boccia","status":"publish","type":"page","link":"https:\/\/www.caths.cz\/wordpress\/sporty\/archiv\/boccia\/","title":{"rendered":"Boccia"},"content":{"rendered":"<p><strong><span style=\"color: #0000ff;\">Reprezenta\u010dn\u00ed t\u00fdm boccii \u010cATHS<\/span><\/strong><\/p>\n<p><strong>Vedouc\u00ed reprezenta\u010dn\u00edho t\u00fdmu<\/strong>: Pavla Vrbov\u00e1,\u00a0<a href=\"pavla.vrbova@atlas.cz\">pavla.vrbova@atlas.cz<\/a><br \/>\n<strong>\u010clenov\u00e9 realiza\u010dn\u00edho t\u00fdmu reprezentace boccii<\/strong> :<\/p>\n<p><span style=\"color: #0000ff;\"><strong>Reprezentanti:<\/strong><\/span><\/p>\n<p><span style=\"color: #0000ff;\"><strong><a href=\"http:\/\/www.caths.cz\/wordpress\/wp-content\/uploads\/2018\/02\/Va\u0161\u00ed\u010dek.jpg\"><img loading=\"lazy\" decoding=\"async\" class=\"alignnone size-full wp-image-27132\" src=\"http:\/\/www.caths.cz\/wordpress\/wp-content\/uploads\/2018\/02\/Va\u0161\u00ed\u010dek.jpg\" alt=\"Va\u0161\u00ed\u010dek\" width=\"210\" height=\"400\" \/><\/a><\/strong><\/span><\/p>\n<p><strong>Jm\u00e9no, p\u0159\u00edjmen\u00ed<\/strong> \u2013 <span style=\"color: #0000ff;\"><strong>Kamil Va\u0161\u00ed\u010dek\u00a0<\/strong><span style=\"color: #000000;\">, spoluhr\u00e1\u010d <strong><span style=\"color: #0000ff;\">Anna M\u00e1ria Dujni\u010dov\u00e1<\/span><\/strong><\/span><\/span><br \/>\n<strong>Rok narozen\u00ed:<\/strong> 1984<br \/>\n<strong>Klasifika\u010dn\u00ed t\u0159\u00edda:<\/strong> boccia, BC3<br \/>\n<strong>Klub:<\/strong> HSC Hav\u00ed\u0159ov<\/p>\n<p><strong>Nejv\u011bt\u0161\u00ed \u00fasp\u011bchy:<\/strong><br \/>\n<strong>2018 Boccia Cup<\/strong> \u2013 celoro\u010dn\u00ed sout\u011b\u017e (Hav\u00ed\u0159ov, Praha, Plze\u0148) &#8211; <strong>1.m\u00edsto \/19<\/strong><br \/>\n<strong>2018 Praha<\/strong> &#8211; Mezin\u00e1rodn\u00ed turnaj &#8211; 2<strong>.m\u00edsto \/14<\/strong><br \/>\n<strong>2018 Tatra Cup<\/strong> &#8211; Mezin\u00e1rodn\u00ed turnaj &#8211;\u00a0<strong>2.m\u00edsto \/13<\/strong><br \/>\n<strong>2018 Plze\u0148<\/strong> &#8211; Mezin\u00e1rodn\u00ed turnaj &#8211;\u00a0<strong>2.m\u00edsto \/12\u00a0\u00a0<\/strong><br \/>\n<strong>p\u00e1r BC3 (Svojanovsk\u00fd, Va\u0161\u00ed\u010dek) \u2013 2. m\u00edsto \/5<\/strong><br \/>\n<strong>2018 Hav\u00ed\u0159ov<\/strong> &#8211; Mezin\u00e1rodn\u00ed turnaj &#8211;\u00a0<strong>1.m\u00edsto \/16<\/strong><br \/>\n<strong>p\u00e1r BC3 (Svojanovsk\u00fd, Va\u0161\u00ed\u010dek) &#8211; 1. m\u00edsto \/7<\/strong><br \/>\n<strong>2018 N\u00e1rodn\u00ed sout\u011b\u017e boccii SH<\/strong> \u2013 <strong>celoro\u010dn\u00ed sout\u011b\u017e 2. m\u00edsto<\/strong><\/p>\n<p><strong>2017 Praha<\/strong> &#8211; Mezin\u00e1rodn\u00ed turnaj &#8211;\u00a0<strong>1.m\u00edsto \/1<\/strong><br \/>\n<strong>2017 Hav\u00ed\u0159ov<\/strong> &#8211; Mezin\u00e1rodn\u00ed turnaj &#8211; <strong>4.m\u00edsto \/12<\/strong><br \/>\n<strong>2017 N\u00e1rodn\u00ed sout\u011b\u017e boccii SH<\/strong> \u2013 <strong>celoro\u010dn\u00ed sout\u011b\u017e 1. m\u00edsto<\/strong><\/p>\n<p><strong>2016 LPH Rio de Janeiro &#8211; 14.m\u00edsto<\/strong><br \/>\n<strong>2016 WO Povoa &#8211;\u00a08. m\u00edsto \/38,\u00a0p\u00e1r BC3 &#8211; 9. m\u00edsto \/16<\/strong><br \/>\n<strong>2016 MS China &#8211;\u00a013. m\u00edsto \/36<\/strong><\/p>\n<p>2015 WO Santiago &#8211;\u00a02. m\u00edsto \/40<br \/>\n2015 SP Pozna\u0148 &#8211;\u00a013. m\u00edsto,\u00a0p\u00e1r BC3 &#8211; 7. m\u00edsto<br \/>\n2015 Continental Cup Barcelona &#8211;\u00a06. m\u00edsto,\u00a0p\u00e1r BC3 &#8211; 2. m\u00edsto (Va\u0161\u00ed\u010dek, Svojanovsk\u00fd, Such\u00fd)<\/p>\n<p>&nbsp;<\/p>\n<p><span style=\"color: #0000ff;\"><strong><a href=\"http:\/\/www.caths.cz\/wordpress\/wp-content\/uploads\/2018\/02\/Svojanovsk\u00fd.jpg\"><img loading=\"lazy\" decoding=\"async\" class=\"alignnone size-full wp-image-27133\" src=\"http:\/\/www.caths.cz\/wordpress\/wp-content\/uploads\/2018\/02\/Svojanovsk\u00fd.jpg\" alt=\"Svojanovsk\u00fd\" width=\"400\" height=\"210\" \/><\/a><\/strong><\/span><\/p>\n<p><strong>Jm\u00e9no, p\u0159\u00edjmen\u00ed<\/strong> \u2013<span style=\"color: #0000ff;\"> <strong>Ji\u0159\u00ed Svojanovsk\u00fd\u00a0<\/strong><span style=\"color: #000000;\">, spoluhr\u00e1\u010d <strong><span style=\"color: #0000ff;\">Milan Svojanovsk\u00fd<\/span><\/strong><\/span><\/span><br \/>\nRok narozen\u00ed: 1996<br \/>\nKlasifika\u010dn\u00ed t\u0159\u00edda: boccia, BC3<br \/>\nKlub: HSC Hav\u00ed\u0159ov<\/p>\n<p><strong>Nejv\u011bt\u0161\u00ed \u00fasp\u011bchy:<\/strong><br \/>\n<strong>2018 Boccia Cup<\/strong> \u2013 celoro\u010dn\u00ed sout\u011b\u017e (Hav\u00ed\u0159ov, Praha, Plze\u0148) &#8211;\u00a0<strong>3.m\u00edsto \/19<\/strong><br \/>\n<strong>2018 Praha<\/strong> &#8211; Mezin\u00e1rodn\u00ed turnaj &#8211; <strong>9.m\u00edsto \/14<\/strong><br \/>\n<strong>2018 Hav\u00ed\u0159ov<\/strong>-Mezin\u00e1rodn\u00ed turnaj- <strong>2.m\u00edsto \/16<\/strong>,\u00a0p\u00e1r BC3 (Svojanovsk\u00fd, Va\u0161\u00ed\u010dek) &#8211; <strong>1.m\u00edsto \/7<\/strong><br \/>\n<strong>2018 Plze\u0148<\/strong> -Mezin\u00e1rodn\u00ed turnaj &#8211; 4<strong>.m\u00edsto \/12,<\/strong>p\u00e1r BC3 (Svojanovsk\u00fd, Va\u0161\u00ed\u010dek)<strong> \u2013 2. m\u00edsto \/5<\/strong><br \/>\n<strong>2018 N\u00e1rodn\u00ed sout\u011b\u017e boccii SH<\/strong> \u2013 celoro\u010dn\u00ed sout\u011b\u017e <strong>5. m\u00edsto<\/strong><\/p>\n<p><strong>2017 Praha<\/strong> &#8211; Mezin\u00e1rodn\u00ed turnaj &#8211; 7<strong>.m\u00edsto \/14<\/strong><br \/>\n<strong>2017 Hav\u00ed\u0159ov<\/strong> &#8211; Mezin\u00e1rodn\u00ed turnaj &#8211; <strong>8.m\u00edsto \/12<\/strong><br \/>\n<strong>2017 Plze\u0148<\/strong> &#8211; Mezin\u00e1rodn\u00ed turnaj &#8211; <strong>4.m\u00edsto \/10<\/strong><br \/>\n<strong>2017 N\u00e1rodn\u00ed sout\u011b\u017e boccii SH<\/strong> \u2013 <strong>celoro\u010dn\u00ed sout\u011b\u017e 3. m\u00edsto<\/strong><\/p>\n<p><strong>2016 WO Povoa<\/strong> &#8211;\u00a028. m\u00edsto \/38,p\u00e1r BC3 &#8211; 9. m\u00edsto \/16<\/p>\n<p><strong>2015 Continental Cup Barcelona<\/strong> &#8211;\u00a0<strong>p\u00e1r BC3 &#8211; 2. m\u00edsto (Va\u0161\u00ed\u010dek, Svojanovsk\u00fd, Such\u00fd) <\/strong>\/12<\/p>\n<p><a href=\"http:\/\/www.caths.cz\/wordpress\/wp-content\/uploads\/2018\/02\/Bla\u017ekov\u00e1.jpg\"><img loading=\"lazy\" decoding=\"async\" class=\"alignnone size-full wp-image-27136\" src=\"http:\/\/www.caths.cz\/wordpress\/wp-content\/uploads\/2018\/02\/Bla\u017ekov\u00e1.jpg\" alt=\"Bla\u017ekov\u00e1\" width=\"210\" height=\"400\" \/><\/a><\/p>\n<p>Jm\u00e9no, p\u0159\u00edjmen\u00ed \u2013 <span style=\"color: #0000ff;\"><strong>Simona Bla\u017ekov\u00e1<\/strong><span style=\"color: #000000;\">, spoluhr\u00e1\u010d <span style=\"color: #0000ff;\"><strong>Natalija Bla\u017ekov\u00e1<\/strong><\/span><\/span><\/span><br \/>\nRok narozen\u00ed: 1993<br \/>\nKlasifika\u010dn\u00ed t\u0159\u00edda: boccia, BC1<br \/>\nKlub: SC J\u00da Praha<\/p>\n<p>Nejv\u011bt\u0161\u00ed \u00fasp\u011bchy:<br \/>\n<strong>2018 Boccia Cup<\/strong> \u2013 celoro\u010dn\u00ed sout\u011b\u017e (Hav\u00ed\u0159ov, Praha, Plze\u0148) &#8211;\u00a0<strong>3. m\u00edsto\/17<\/strong><br \/>\n<strong>2018 Olbie<\/strong> &#8211; Mezin\u00e1rodn\u00ed BisFed turnaj &#8211;\u00a0<strong>5. m\u00edsto \/9<\/strong><br \/>\n<strong>2018 Praha<\/strong> &#8211; Mezin\u00e1rodn\u00ed turnaj &#8211;\u00a0<strong>5. m\u00edsto \/9,T\u00fdm BC1,2 (Bla\u017ekov\u00e1, Cu\u0159\u00ednov\u00e1, Petr\u00e1k, \u017dabka) \u2013 1. \/ 9<\/strong><br \/>\n<strong>2018 Tatra Cup<\/strong> &#8211; Mezin\u00e1rodn\u00ed turnaj &#8211;\u00a0<strong>4.m\u00edsto \/9,T\u00fdm BC1,2 (Bla\u017ekov\u00e1, Petr\u00e1k, \u017dabka) \u2013 2. \/ 6<\/strong><br \/>\n<strong>2018 Prometeus Cup Polsko<\/strong> &#8211; Mezin\u00e1rodn\u00ed turnaj &#8211;\u00a0<strong>3. m\u00edsto\/5,\u00a0T\u00fdm BC1,2 (Bla\u017ekov\u00e1, Petr\u00e1k, \u017dabka) \u2013 3. \/ 12<\/strong><br \/>\n<strong>2018 Hav\u00ed\u0159ov<\/strong> &#8211; Mezin\u00e1rodn\u00ed turnaj &#8211;\u00a0<strong>5.m\u00edsto\/9,\u00a0T\u00fdm BC1,2 (Bla\u017ekov\u00e1, Petr\u00e1k, \u017dabka) \u2013 1. \/ 5<\/strong><br \/>\n<strong>2018 Plze\u0148<\/strong> &#8211; Mezin\u00e1rodn\u00ed turnaj &#8211;\u00a0<strong>4.m\u00edsto \/9,T\u00fdm BC1,2 (Bla\u017ekov\u00e1, Cu\u0159\u00ednov\u00e1, Hru\u0161ka, Kyclt) \u2013 2. \/ 4<\/strong><br \/>\n<strong>2018 N\u00e1rodn\u00ed sout\u011b\u017e boccii SH<\/strong> \u2013 <strong>celoro\u010dn\u00ed sout\u011b\u017e 3. m\u00edsto<\/strong><\/p>\n<p><strong>2017 Praha<\/strong> &#8211; Mezin\u00e1rodn\u00ed turnaj &#8211;\u00a0<strong>5. m\u00edsto\/12<\/strong><br \/>\n<strong>2017 Hav\u00ed\u0159ov<\/strong> &#8211; Mezin\u00e1rodn\u00ed turnaj &#8211;\u00a0<strong>2.m\u00edsto \/7<\/strong><br \/>\n<strong>2017 Plze\u0148<\/strong> &#8211; Mezin\u00e1rodn\u00ed turnaj &#8211;\u00a0<strong>2. m\u00edsto\/ 8<\/strong><br \/>\n<strong>2017 N\u00e1rodn\u00ed sout\u011b\u017e boccii SH<\/strong> \u2013 <strong>celoro\u010dn\u00ed sout\u011b\u017e 2. m\u00edsto<\/strong><\/p>\n<p><a href=\"http:\/\/www.caths.cz\/wordpress\/wp-content\/uploads\/2018\/02\/logo_CFB_KRUHY.jpg\"><img loading=\"lazy\" decoding=\"async\" class=\"alignnone size-full wp-image-27020\" src=\"http:\/\/www.caths.cz\/wordpress\/wp-content\/uploads\/2018\/02\/logo_CFB_KRUHY.jpg\" alt=\"logo_CFB_KRUHY\" width=\"756\" height=\"389\" srcset=\"https:\/\/www.caths.cz\/wordpress\/wp-content\/uploads\/2018\/02\/logo_CFB_KRUHY.jpg 756w, https:\/\/www.caths.cz\/wordpress\/wp-content\/uploads\/2018\/02\/logo_CFB_KRUHY-300x154.jpg 300w, https:\/\/www.caths.cz\/wordpress\/wp-content\/uploads\/2018\/02\/logo_CFB_KRUHY-120x62.jpg 120w\" sizes=\"auto, (max-width: 756px) 100vw, 756px\" \/><\/a><\/p>\n<p><strong>\u010cesk\u00e1 federace boccii, z.s.<\/strong><br \/>\n<strong>Czech\u00a0Boccia Federation<\/strong><\/p>\n<p>Ol\u0161t\u00fdnsk\u00e1 733\/3, Praha 8 \u2013 Troja 181 00<br \/>\nI\u010cO: 05741505<br \/>\nregistrace u M\u011bstsk\u00e9ho soudu v Praze, spis.zn.: L 67707<\/p>\n<p>Webov\u00e9 str\u00e1nky<strong>\u00a0:\u00a0<a href=\"http:\/\/boccia-sport.cz\/\">http:\/\/boccia-sport.cz\/<\/a><\/strong><br \/>\nFacebook<strong>\u00a0:\u00a0<a href=\"https:\/\/www.facebook.com\/%C4%8Cesk%C3%A1-federace-boccii-zs-448070585577003\/\">https:\/\/www.facebook.com\/%C4%8Cesk%C3%A1-federace-boccii-zs-448070585577003\/<\/a><\/strong><\/p>\n<p><span style=\"text-decoration: underline; color: #ff0000;\"><strong>Kontakty:<\/strong><\/span><\/p>\n<p><strong>Franti\u0161ek Serbus &#8211; p\u0159edseda \u010cFB: +420 739 461 837,<\/strong>\u00a0<a href=\"mailto:cfbpredseda@gmail.com\">cfbpredseda@gmail.com<\/a><br \/>\n<strong>Kamil Va\u0161\u00ed\u010dek &#8211; \u010dlen v\u00fdboru \u010cFB: +606\u00a0716\u00a0730,<\/strong>\u00a0<a href=\"mailto:kamcacek@centrum.cz\">kamcacek@centrum.cz<\/a><br \/>\n<a href=\"mailto:kamcacek@centrum.cz\"><strong><span style=\"color: #000000;\">Pavla Vrbov\u00e1 &#8211; sekret\u00e1\u0159 \u010cFB<\/span>: <span style=\"color: #000000;\">+420 777 156 061<\/span><\/strong>,\u00a0<\/a><a href=\"mailto:pavla.vrbova@atlas.cz\">pavla.vrbova@atlas.cz<\/a><a href=\"mailto:kamcacek@centrum.cz\"><br \/>\n<strong><span style=\"color: #000000;\">Kl\u00e1ra Jel\u00ednkov\u00e1 &#8211;\u00a0kontrolor \u010cFB<\/span>: <span style=\"color: #000000;\">+420 737 666 123<\/span><\/strong>,\u00a0<\/a><a href=\"mailto:klarajelinek@gmail.com\">klarajelinek@gmail.com<\/a><\/p>\n<p><strong><span style=\"color: #0000ff;\">Shrnut\u00ed sez\u00f3ny 2018 a novinky 2019<\/span><\/strong> <a href=\"http:\/\/www.caths.cz\/wordpress\/boccia-slavi-rok-pod-kridly-caths\/\">ZDE<\/a><\/p>\n<p><span style=\"text-decoration: underline; color: #ff0000;\"><strong><span style=\"text-decoration: underline;\">Kluby spolupracuj\u00edc\u00ed s \u010ceskou federac\u00ed boccii<\/span>, v\u010detn\u011b z\u00e1kladn\u00edch informac\u00ed:<\/strong><\/span><\/p>\n<p><a href=\"http:\/\/www.caths.cz\/wordpress\/wp-content\/uploads\/2018\/02\/SCJU-e1519905222499.jpg\"><img loading=\"lazy\" decoding=\"async\" class=\"alignnone size-full wp-image-25543\" src=\"http:\/\/www.caths.cz\/wordpress\/wp-content\/uploads\/2018\/02\/SCJU-e1519905222499.jpg\" alt=\"SCJU\" width=\"180\" height=\"115\" \/><\/a><\/p>\n<h1>SC\u00a0Jedli\u010dkova \u00fastavu Praha<\/h1>\n<p>webov\u00e9 str\u00e1nky:\u00a0<a href=\"http:\/\/www.scjupraha.eu\/\">http:\/\/www.scjupraha.eu\/<\/a><br \/>\nfacebook: <a href=\"https:\/\/www.facebook.com\/SC-J%C3%9A-PRAHA-140049599357427\/\">https:\/\/www.facebook.com\/SC-J%C3%9A-PRAHA-140049599357427\/<\/a><br \/>\nkontakty: Pavel Mart\u00ednek (p\u0159edseda), +420 721 683 712 (pouze sms), Pavla Vrbov\u00e1, +420 777 156 061, Kl\u00e1ra Jel\u00ednkov\u00e1 DiS., +420 737 666 123<br \/>\nemail:\u00a0<a href=\"mailto:scjupraha@centrum.cz\">scjupraha@centrum.cz<\/a><\/p>\n<p>&nbsp;<\/p>\n<p><a href=\"http:\/\/www.caths.cz\/wordpress\/wp-content\/uploads\/2018\/02\/Logo-Halma-e1519906616346.png\"><img loading=\"lazy\" decoding=\"async\" class=\"alignnone size-full wp-image-25545\" src=\"http:\/\/www.caths.cz\/wordpress\/wp-content\/uploads\/2018\/02\/Logo-Halma-e1519906616346.png\" alt=\"Logo Halma\" width=\"180\" height=\"46\" \/><\/a><\/p>\n<h1>TJ Halma<\/h1>\n<p>webov\u00e9 str\u00e1nky:\u00a0<a href=\"http:\/\/www.tjhalma.cz\/\">http:\/\/www.tjhalma.cz\/<\/a><br \/>\nfacebook:\u00a0<a href=\"https:\/\/www.facebook.com\/T%C4%9Blov%C3%BDchovn%C3%A1-jednota-zdravotn%C4%9B-posti%C5%BEen%C3%BDch-Halma-Plze%C5%88-307963239616146\/\">https:\/\/www.facebook.com\/T%C4%9Blov%C3%BDchovn%C3%A1-jednota-zdravotn%C4%9B-posti%C5%BEen%C3%BDch-Halma-Plze%C5%88-307963239616146\/<\/a><br \/>\nkontakt:\u00a0Roman Suda \u2013 p\u0159edseda,\u00a0(+420)\u00a0724 073 469<br \/>\nemail:\u00a0<a href=\"mailto:suda@centrumzbuch.cz\">suda@centrumzbuch.cz<\/a><\/p>\n<p>&nbsp;<\/p>\n<p><a href=\"http:\/\/www.caths.cz\/wordpress\/wp-content\/uploads\/2018\/02\/Logo-HDC-e1519907468823.png\"><img loading=\"lazy\" decoding=\"async\" class=\"alignnone size-full wp-image-25546\" src=\"http:\/\/www.caths.cz\/wordpress\/wp-content\/uploads\/2018\/02\/Logo-HDC-e1519907468823.png\" alt=\"Logo HDC\" width=\"139\" height=\"180\" \/><\/a><\/p>\n<h1>HSC Hav\u00ed\u0159ov<\/h1>\n<p>webov\u00e9 str\u00e1nky:\u00a0<a href=\"http:\/\/www.hschavirov.cz\/\">http:\/\/www.hschavirov.cz\/<\/a><br \/>\nfacebook:\u00a0<a href=\"https:\/\/www.facebook.com\/HSCHavirov\/\">https:\/\/www.facebook.com\/HSCHavirov\/<\/a><br \/>\nkontakt:\u00a0Martin Ku\u010dera, (+420)\u00a0778 527 033,\u00a0Kate\u0159ina \u0160ajnarov\u00e1, (+420)\u00a0773 942 225<br \/>\nemail:\u00a0<a href=\"mailto:hschavirov@gmail.com\">hschavirov@gmail.com<\/a><\/p>\n<p><span style=\"text-decoration: underline; color: #ff0000;\">V\u00fdznamn\u00e9 sportovn\u00ed akce, po\u0159\u00e1dan\u00e9 \u010cFB v roce 2018:<\/span><\/p>\n<p><span style=\"color: #0000ff;\"><strong>Mezin\u00e1rodn\u00ed turnaj v boccie<\/strong><\/span><br \/>\nm\u00edsto kon\u00e1n\u00ed: Hav\u00ed\u0159ov<br \/>\ndatum: 20.-22.4.2018<br \/>\nv\u00edce podrobnost\u00ed na webu:\u00a0<a href=\"http:\/\/hschavirov.cz\/udalosti\">http:\/\/hschavirov.cz\/udalosti<\/a><\/p>\n<p><span style=\"color: #0000ff;\"><strong>MM\u010cR\u00a0v boccie<\/strong><\/span><br \/>\nm\u00edsto kon\u00e1n\u00ed:\u00a0Praha<br \/>\ndatum: 01.-03.6.2018<\/p>\n<p><span style=\"color: #0000ff;\"><strong>Boccia Cup 2018<\/strong><\/span><br \/>\nm\u00edsto kon\u00e1n\u00ed:\u00a0Plze\u0148<br \/>\ndatum: 16.-18.11.2018<br \/>\nv\u00edce podrobnost\u00ed na webu:\u00a0<a href=\"http:\/\/www.tjhalma.cz\/cz\/clanek\/mezinarodni-turnaj-v-boccie-105\/\">http:\/\/www.tjhalma.cz\/cz\/clanek\/mezinarodni-turnaj-v-boccie-105\/<\/a><\/p>\n<p><span style=\"text-decoration: underline; color: #ff0000;\">V\u00fdznamn\u00e9 sportovn\u00ed akce,\u00a0konan\u00e9 v roce 2017:<\/span><\/p>\n<p><strong>18. hav\u00ed\u0159ovsk\u00fd mezin\u00e1rodn\u00ed turnaj v boccie<\/strong><\/p>\n<p>m\u00edsto kon\u00e1n\u00ed: Hav\u00ed\u0159ov<\/p>\n<p>datum: 20.-22.10.2017<\/p>\n<p><span style=\"text-decoration: underline;\">Foto z akce:<\/span><\/p>\n<p><a href=\"http:\/\/www.caths.cz\/wordpress\/wp-content\/uploads\/2018\/02\/BO-18.-tur.Hav\u00ed\u0159ov-17-055.jpg\"><img loading=\"lazy\" decoding=\"async\" class=\"alignnone size-large wp-image-25547\" src=\"http:\/\/www.caths.cz\/wordpress\/wp-content\/uploads\/2018\/02\/BO-18.-tur.Hav\u00ed\u0159ov-17-055-1024x680.jpg\" alt=\"BO 18. tur.Hav\u00ed\u0159ov 17 055\" width=\"600\" height=\"398\" srcset=\"https:\/\/www.caths.cz\/wordpress\/wp-content\/uploads\/2018\/02\/BO-18.-tur.Hav\u00ed\u0159ov-17-055-1024x680.jpg 1024w, https:\/\/www.caths.cz\/wordpress\/wp-content\/uploads\/2018\/02\/BO-18.-tur.Hav\u00ed\u0159ov-17-055-300x199.jpg 300w, https:\/\/www.caths.cz\/wordpress\/wp-content\/uploads\/2018\/02\/BO-18.-tur.Hav\u00ed\u0159ov-17-055-120x80.jpg 120w\" sizes=\"auto, (max-width: 600px) 100vw, 600px\" \/><\/a><\/p>\n<p><a href=\"http:\/\/www.caths.cz\/wordpress\/wp-content\/uploads\/2018\/02\/BO-18.-tur.Hav\u00ed\u0159ov-17-068.jpg\"><img loading=\"lazy\" decoding=\"async\" class=\"alignnone size-large wp-image-25548\" src=\"http:\/\/www.caths.cz\/wordpress\/wp-content\/uploads\/2018\/02\/BO-18.-tur.Hav\u00ed\u0159ov-17-068-1024x680.jpg\" alt=\"BO 18. tur.Hav\u00ed\u0159ov 17 068\" width=\"600\" height=\"398\" srcset=\"https:\/\/www.caths.cz\/wordpress\/wp-content\/uploads\/2018\/02\/BO-18.-tur.Hav\u00ed\u0159ov-17-068-1024x680.jpg 1024w, https:\/\/www.caths.cz\/wordpress\/wp-content\/uploads\/2018\/02\/BO-18.-tur.Hav\u00ed\u0159ov-17-068-300x199.jpg 300w, https:\/\/www.caths.cz\/wordpress\/wp-content\/uploads\/2018\/02\/BO-18.-tur.Hav\u00ed\u0159ov-17-068-120x80.jpg 120w\" sizes=\"auto, (max-width: 600px) 100vw, 600px\" \/><\/a><\/p>\n<p><a href=\"http:\/\/www.caths.cz\/wordpress\/wp-content\/uploads\/2018\/02\/BO-18.-tur.Hav\u00ed\u0159ov-17-290.jpg\"><img loading=\"lazy\" decoding=\"async\" class=\"alignnone size-large wp-image-25549\" src=\"http:\/\/www.caths.cz\/wordpress\/wp-content\/uploads\/2018\/02\/BO-18.-tur.Hav\u00ed\u0159ov-17-290-1024x680.jpg\" alt=\"BO 18. tur.Hav\u00ed\u0159ov 17 290\" width=\"600\" height=\"398\" srcset=\"https:\/\/www.caths.cz\/wordpress\/wp-content\/uploads\/2018\/02\/BO-18.-tur.Hav\u00ed\u0159ov-17-290-1024x680.jpg 1024w, https:\/\/www.caths.cz\/wordpress\/wp-content\/uploads\/2018\/02\/BO-18.-tur.Hav\u00ed\u0159ov-17-290-300x199.jpg 300w, https:\/\/www.caths.cz\/wordpress\/wp-content\/uploads\/2018\/02\/BO-18.-tur.Hav\u00ed\u0159ov-17-290-120x80.jpg 120w\" sizes=\"auto, (max-width: 600px) 100vw, 600px\" \/><\/a><\/p>\n<p>&nbsp;<\/p>\n<p>&nbsp;<\/p>\n<p><strong>Boccia Cup 2017<\/strong><\/p>\n<p>m\u00edsto kon\u00e1n\u00ed:\u00a0Plze\u0148<\/p>\n<p>datum: 17.-19.11.2017<\/p>\n<p><span style=\"text-decoration: underline;\">Foto z akce:<\/span><\/p>\n<p><a href=\"http:\/\/www.caths.cz\/wordpress\/wp-content\/uploads\/2018\/02\/BO-cup-Plze\u0148-17-024.jpg\"><img loading=\"lazy\" decoding=\"async\" class=\"alignnone size-large wp-image-25550\" src=\"http:\/\/www.caths.cz\/wordpress\/wp-content\/uploads\/2018\/02\/BO-cup-Plze\u0148-17-024-1024x680.jpg\" alt=\"BO cup Plze\u0148 17 024\" width=\"600\" height=\"398\" srcset=\"https:\/\/www.caths.cz\/wordpress\/wp-content\/uploads\/2018\/02\/BO-cup-Plze\u0148-17-024-1024x680.jpg 1024w, https:\/\/www.caths.cz\/wordpress\/wp-content\/uploads\/2018\/02\/BO-cup-Plze\u0148-17-024-300x199.jpg 300w, https:\/\/www.caths.cz\/wordpress\/wp-content\/uploads\/2018\/02\/BO-cup-Plze\u0148-17-024-120x80.jpg 120w\" sizes=\"auto, (max-width: 600px) 100vw, 600px\" \/><\/a><\/p>\n<p><a href=\"http:\/\/www.caths.cz\/wordpress\/wp-content\/uploads\/2018\/02\/BO-cup-Plze\u0148-17-018.jpg\"><img loading=\"lazy\" decoding=\"async\" class=\"alignnone size-large wp-image-25551\" src=\"http:\/\/www.caths.cz\/wordpress\/wp-content\/uploads\/2018\/02\/BO-cup-Plze\u0148-17-018-1024x680.jpg\" alt=\"BO cup Plze\u0148 17 018\" width=\"600\" height=\"398\" srcset=\"https:\/\/www.caths.cz\/wordpress\/wp-content\/uploads\/2018\/02\/BO-cup-Plze\u0148-17-018-1024x680.jpg 1024w, https:\/\/www.caths.cz\/wordpress\/wp-content\/uploads\/2018\/02\/BO-cup-Plze\u0148-17-018-300x199.jpg 300w, https:\/\/www.caths.cz\/wordpress\/wp-content\/uploads\/2018\/02\/BO-cup-Plze\u0148-17-018-120x80.jpg 120w\" sizes=\"auto, (max-width: 600px) 100vw, 600px\" \/><\/a><\/p>\n<p><a href=\"http:\/\/www.caths.cz\/wordpress\/wp-content\/uploads\/2018\/02\/BO-cup-Plze\u0148-17-298.jpg\"><img loading=\"lazy\" decoding=\"async\" class=\"alignnone size-large wp-image-25552\" src=\"http:\/\/www.caths.cz\/wordpress\/wp-content\/uploads\/2018\/02\/BO-cup-Plze\u0148-17-298-1024x680.jpg\" alt=\"BO cup Plze\u0148 17 298\" width=\"600\" height=\"398\" srcset=\"https:\/\/www.caths.cz\/wordpress\/wp-content\/uploads\/2018\/02\/BO-cup-Plze\u0148-17-298-1024x680.jpg 1024w, https:\/\/www.caths.cz\/wordpress\/wp-content\/uploads\/2018\/02\/BO-cup-Plze\u0148-17-298-300x199.jpg 300w, https:\/\/www.caths.cz\/wordpress\/wp-content\/uploads\/2018\/02\/BO-cup-Plze\u0148-17-298-120x80.jpg 120w\" sizes=\"auto, (max-width: 600px) 100vw, 600px\" \/><\/a><\/p>\n<p>&nbsp;<\/p>\n<p>&nbsp;<\/p>\n<p><span style=\"text-decoration: underline; color: #ff0000;\">Informa\u010dn\u00ed let\u00e1k o \u010cFB:<\/span><\/p>\n<p><a href=\"http:\/\/www.caths.cz\/wordpress\/wp-content\/uploads\/2018\/02\/letak-o-cfb.png\"><img loading=\"lazy\" decoding=\"async\" class=\"alignnone size-large wp-image-25554\" src=\"http:\/\/www.caths.cz\/wordpress\/wp-content\/uploads\/2018\/02\/letak-o-cfb-724x1024.png\" alt=\"letak o cfb\" width=\"600\" height=\"849\" srcset=\"https:\/\/www.caths.cz\/wordpress\/wp-content\/uploads\/2018\/02\/letak-o-cfb-724x1024.png 724w, https:\/\/www.caths.cz\/wordpress\/wp-content\/uploads\/2018\/02\/letak-o-cfb-212x300.png 212w, https:\/\/www.caths.cz\/wordpress\/wp-content\/uploads\/2018\/02\/letak-o-cfb-85x120.png 85w, https:\/\/www.caths.cz\/wordpress\/wp-content\/uploads\/2018\/02\/letak-o-cfb.png 827w\" sizes=\"auto, (max-width: 600px) 100vw, 600px\" \/><\/a><\/p>\n<p><span style=\"text-decoration: underline; color: #ff0000;\">Informa\u010dn\u00ed let\u00e1k o nov\u00e9 spolupr\u00e1ci \u010cATHS s \u010cFB:<\/span><\/p>\n<p><a href=\"http:\/\/www.caths.cz\/wordpress\/wp-content\/uploads\/2018\/02\/letak-o-cfb-a-caths.png\"><img loading=\"lazy\" decoding=\"async\" class=\"alignnone size-large wp-image-25555\" src=\"http:\/\/www.caths.cz\/wordpress\/wp-content\/uploads\/2018\/02\/letak-o-cfb-a-caths-724x1024.png\" alt=\"letak o cfb a caths\" width=\"600\" height=\"849\" srcset=\"https:\/\/www.caths.cz\/wordpress\/wp-content\/uploads\/2018\/02\/letak-o-cfb-a-caths-724x1024.png 724w, https:\/\/www.caths.cz\/wordpress\/wp-content\/uploads\/2018\/02\/letak-o-cfb-a-caths-212x300.png 212w, https:\/\/www.caths.cz\/wordpress\/wp-content\/uploads\/2018\/02\/letak-o-cfb-a-caths-85x120.png 85w, https:\/\/www.caths.cz\/wordpress\/wp-content\/uploads\/2018\/02\/letak-o-cfb-a-caths.png 827w\" sizes=\"auto, (max-width: 600px) 100vw, 600px\" \/><\/a><\/p>\n","protected":false},"excerpt":{"rendered":"<a href=\"https:\/\/www.caths.cz\/wordpress\/sporty\/archiv\/boccia\/\"><img width=\"100\" height=\"100\" src=\"https:\/\/www.caths.cz\/wordpress\/wp-content\/uploads\/2018\/02\/Logo-\u010cFB-100x100.png\" class=\"alignleft tfe wp-post-image\" alt=\"\" decoding=\"async\" loading=\"lazy\" srcset=\"https:\/\/www.caths.cz\/wordpress\/wp-content\/uploads\/2018\/02\/Logo-\u010cFB-100x100.png 100w, https:\/\/www.caths.cz\/wordpress\/wp-content\/uploads\/2018\/02\/Logo-\u010cFB-150x150.png 150w, https:\/\/www.caths.cz\/wordpress\/wp-content\/uploads\/2018\/02\/Logo-\u010cFB-120x120.png 120w, https:\/\/www.caths.cz\/wordpress\/wp-content\/uploads\/2018\/02\/Logo-\u010cFB.png 259w\" sizes=\"auto, (max-width: 100px) 100vw, 100px\" \/><\/a><p>Reprezenta\u010dn\u00ed t\u00fdm boccii \u010cATHS Vedouc\u00ed reprezenta\u010dn\u00edho t\u00fdmu: Pavla Vrbov\u00e1,\u00a0pavla.vrbova@atlas.cz \u010clenov\u00e9 realiza\u010dn\u00edho t\u00fdmu reprezentace boccii : Reprezentanti: Jm\u00e9no, p\u0159\u00edjmen\u00ed \u2013 Kamil Va\u0161\u00ed\u010dek\u00a0, spoluhr\u00e1\u010d Anna M\u00e1ria Dujni\u010dov\u00e1 Rok narozen\u00ed: 1984 Klasifika\u010dn\u00ed t\u0159\u00edda: [&hellip;]<\/p>\n","protected":false},"author":1,"featured_media":25542,"parent":29646,"menu_order":0,"comment_status":"closed","ping_status":"closed","template":"","meta":{"ngg_post_thumbnail":0,"footnotes":""},"class_list":["post-25339","page","type-page","status-publish","has-post-thumbnail","hentry"],"_links":{"self":[{"href":"https:\/\/www.caths.cz\/wordpress\/wp-json\/wp\/v2\/pages\/25339","targetHints":{"allow":["GET"]}}],"collection":[{"href":"https:\/\/www.caths.cz\/wordpress\/wp-json\/wp\/v2\/pages"}],"about":[{"href":"https:\/\/www.caths.cz\/wordpress\/wp-json\/wp\/v2\/types\/page"}],"author":[{"embeddable":true,"href":"https:\/\/www.caths.cz\/wordpress\/wp-json\/wp\/v2\/users\/1"}],"replies":[{"embeddable":true,"href":"https:\/\/www.caths.cz\/wordpress\/wp-json\/wp\/v2\/comments?post=25339"}],"version-history":[{"count":15,"href":"https:\/\/www.caths.cz\/wordpress\/wp-json\/wp\/v2\/pages\/25339\/revisions"}],"predecessor-version":[{"id":27138,"href":"https:\/\/www.caths.cz\/wordpress\/wp-json\/wp\/v2\/pages\/25339\/revisions\/27138"}],"up":[{"embeddable":true,"href":"https:\/\/www.caths.cz\/wordpress\/wp-json\/wp\/v2\/pages\/29646"}],"wp:featuredmedia":[{"embeddable":true,"href":"https:\/\/www.caths.cz\/wordpress\/wp-json\/wp\/v2\/media\/25542"}],"wp:attachment":[{"href":"https:\/\/www.caths.cz\/wordpress\/wp-json\/wp\/v2\/media?parent=25339"}],"curies":[{"name":"wp","href":"https:\/\/api.w.org\/{rel}","templated":true}]}}